{"id":5116,"date":"2025-03-19T21:48:09","date_gmt":"2025-03-19T21:48:09","guid":{"rendered":"https:\/\/www.campinglandrezacplage.fr\/faq\/"},"modified":"2026-02-17T15:10:47","modified_gmt":"2026-02-17T15:10:47","slug":"faq","status":"publish","type":"page","link":"https:\/\/www.campinglandrezacplage.fr\/en\/faq\/","title":{"rendered":"FAQ"},"content":{"rendered":"\n<div class=\"wp-block-group alignfull hero-ldz has-background is-layout-flow wp-container-core-group-is-layout-8201cc55 wp-block-group-is-layout-flow\" style=\"background:linear-gradient(0deg,rgba(0,0,0,0.5001460056678921) 0%,rgba(0,0,0,0) 100%);min-height:550px;padding-top:10rem;padding-bottom:2rem;padding-left:0px\">\n<div class=\"wp-block-group has-global-padding is-layout-constrained wp-container-core-group-is-layout-d379191e wp-block-group-is-layout-constrained\" style=\"padding-bottom:5rem\">\n<div class=\"wp-block-group is-vertical is-content-justification-center is-layout-flex wp-container-core-group-is-layout-7d43454f wp-block-group-is-layout-flex\">\n<p class=\"has-text-align-center is-style-Subtitles has-font-alt-color has-text-color has-link-color has-x-large-font-size wp-elements-1a766198591af88e2915482dea867b20 is-style-Subtitles--1\">Frequently asked questions<\/p>\n<\/div>\n<\/div>\n\n\n\n<div class=\"wp-block-cover\"><img decoding=\"async\" width=\"2560\" height=\"1152\" class=\"wp-block-cover__image-background wp-image-1490\" alt=\"camping landrezac (18)\" src=\"https:\/\/www.campinglandrezacplage.fr\/wp-content\/uploads\/2025\/04\/camping-landrezac-18-scaled.webp\" data-object-fit=\"cover\" srcset=\"https:\/\/www.campinglandrezacplage.fr\/wp-content\/uploads\/2025\/04\/camping-landrezac-18-scaled.webp 2560w, https:\/\/www.campinglandrezacplage.fr\/wp-content\/uploads\/2025\/04\/camping-landrezac-18-300x135.webp 300w, https:\/\/www.campinglandrezacplage.fr\/wp-content\/uploads\/2025\/04\/camping-landrezac-18-1024x461.webp 1024w, https:\/\/www.campinglandrezacplage.fr\/wp-content\/uploads\/2025\/04\/camping-landrezac-18-768x346.webp 768w, https:\/\/www.campinglandrezacplage.fr\/wp-content\/uploads\/2025\/04\/camping-landrezac-18-1536x691.webp 1536w, https:\/\/www.campinglandrezacplage.fr\/wp-content\/uploads\/2025\/04\/camping-landrezac-18-2048x922.webp 2048w\" sizes=\"(max-width: 2560px) 100vw, 2560px\" \/><span aria-hidden=\"true\" class=\"wp-block-cover__background has-background-dim-10 has-background-dim\" style=\"background-color:#87796d\"><\/span><div class=\"wp-block-cover__inner-container has-global-padding is-layout-constrained wp-block-cover-is-layout-constrained\">\n<p class=\"has-text-align-center has-large-font-size\"><\/p>\n<\/div><\/div>\n<\/div>\n\n<div class=\"wp-block-group alignfull is-style-done has-global-padding is-layout-constrained wp-container-core-group-is-layout-808f43c9 wp-block-group-is-layout-constrained is-style-done--2\" style=\"padding-top:5rem;padding-bottom:5rem\"><div style=\"padding-bottom:5rem;\" class=\"wp-elements-e84a1efbc6c51998bfed4e263cc542bf wp-block-wpseopress-breadcrumbs has-text-color has-primary-color\"><nav  aria-label=\"breadcrumb\"><ol class=\"breadcrumb\" itemscope itemtype=\"https:\/\/schema.org\/BreadcrumbList\"><li class=\"breadcrumb-item active\" aria-current=\"page\" itemprop=\"itemListElement\" itemscope itemtype=\"https:\/\/schema.org\/ListItem\"><span itemprop=\"name\">Camping \u00e0 Sarzeau<\/span><meta itemprop=\"position\" content=\"1\"><\/li><\/ol><\/nav><\/div>\n\n\n<div class=\"wp-block-group is-style-default fromTop has-global-padding is-layout-constrained wp-container-core-group-is-layout-74f53576 wp-block-group-is-layout-constrained\" style=\"padding-top:5rem;padding-bottom:5rem\">\n<div class=\"wp-block-group is-vertical is-content-justification-center is-layout-flex wp-container-core-group-is-layout-de19a45c wp-block-group-is-layout-flex\">\n<div class=\"wp-block-group has-global-padding is-layout-constrained wp-container-core-group-is-layout-398ebb19 wp-block-group-is-layout-constrained\" style=\"padding-bottom:1rem\">\n<figure class=\"wp-block-image size-full is-resized\"><img decoding=\"async\" src=\"https:\/\/www.campinglandrezacplage.fr\/wp-content\/themes\/landrezac\/assets\/images\/croixbretagne.svg\" alt=\"Campsite Landrezac\" class=\"wp-image-181\" style=\"object-fit:contain;width:60px;height:60px\"\/><\/figure>\n<\/div>\n\n\n\n<h1 class=\"wp-block-heading has-text-align-center has-accent-color has-text-color has-link-color wp-elements-13352558579d660a6e3486f8c66df51c\" style=\"font-size:clamp(1.301rem, 1.301rem + ((1vw - 0.2rem) * 1.083), 2.1rem);\">Do you have any questions about your stay<br\/>at Camping Landrezac plage?<\/h1>\n\n\n\n<div class=\"wp-block-group has-global-padding is-layout-constrained wp-block-group-is-layout-constrained\" style=\"padding-top:2rem\">\n<p class=\"has-text-align-center is-style-default has-secondary-color has-text-color has-link-color has-m-font-size wp-elements-b7b20d62840a67ac596a941ffe01ca23\">Find all the answers to your questions about our Landrezac Plage campsite in our FAQ.<\/p>\n<\/div>\n<\/div>\n<\/div>\n\n\n\n<div class=\"pfq\">\n  \n  \n  <nav class=\"pfq__themes\">\n    <h2>Th\u00e9matiques<\/h2>\n    <ul>\n      \n        <li class=\"pfq__theme active\" data-pfq-group=\"group-0\">\n          <a href=\"#\">\ud83d\uddfa\ufe0f Acc\u00e8s &amp; Situation <\/a>\n        <\/li>\n\n      \n        <li class=\"pfq__theme \" data-pfq-group=\"group-1\">\n          <a href=\"#\">\ud83d\udcc5 R\u00e9servation &amp; Conditions de s\u00e9jour <\/a>\n        <\/li>\n\n      \n        <li class=\"pfq__theme \" data-pfq-group=\"group-2\">\n          <a href=\"#\">\ud83c\udfd5\ufe0f H\u00e9bergements &amp; Emplacements<\/a>\n        <\/li>\n\n      \n        <li class=\"pfq__theme \" data-pfq-group=\"group-3\">\n          <a href=\"#\">\ud83d\ude97 Circulation &amp; Stationnement<\/a>\n        <\/li>\n\n      \n        <li class=\"pfq__theme \" data-pfq-group=\"group-4\">\n          <a href=\"#\">\ud83d\udece\ufe0f Services, Vie quotidienne &amp; R\u00e8glement<\/a>\n        <\/li>\n\n      \n        <li class=\"pfq__theme \" data-pfq-group=\"group-5\">\n          <a href=\"#\">\ud83c\udfca Piscine &amp; Loisirs<\/a>\n        <\/li>\n\n      \n        <li class=\"pfq__theme \" data-pfq-group=\"group-6\">\n          <a href=\"#\">\ud83c\udf74 Restauration<\/a>\n        <\/li>\n\n      \n        <li class=\"pfq__theme \" data-pfq-group=\"group-7\">\n          <a href=\"#\">R\u00e9servations sur une plateforme en ligne<\/a>\n        <\/li>\n\n      \n        <li class=\"pfq__theme \" data-pfq-group=\"group-8\">\n          <a href=\"#\">R\u00e9servation des mineurs<\/a>\n        <\/li>\n\n          <\/ul>\n  <\/nav>\n\n  <div class=\"pfq__questions\">\n    \n      <div class=\"pfq__questions__group visible\" data-pfq-group=\"group-0\">\n\n        <h3>\ud83d\uddfa\ufe0f Acc\u00e8s &amp; Situation <\/h3>\n\n        \n          <div class=\"pfq__question\"  >\n            <h4 class=\"pfq__question__title\">O\u00f9 se situe le Camping de Landrezac plage\u00a0?<\/h4>\n            <div class=\"pfq__answer\"><p>Le camping se situe au 10 rue des Fr\u00e8res Le Boulicaut 56370 Sarzeau. A mi-chemin entre Suscinio et Penvins. Au bout du camping, vous avez la plage de Landrezac avec son sable fin. C\u2019est une longue plage qui s\u2019\u00e9tend \u00e0 plus de 5 km. Facile d\u2019acc\u00e8s avec ses deux parkings. La plage dispose d\u2019un super spot de Kite Surf wing foil, kite foil, spot flat avec de l\u2019espace, une zone de cours y est d\u00e9di\u00e9e car nous disposons d\u2019une \u00e9cole de kite (EKO KITE) et autres sport nautiques. La plage dispose d\u2019un poste de secours avec des sanitaires.<\/p>\n<\/div>\n          <\/div>\n\n        \n          <div class=\"pfq__question\"  >\n            <h4 class=\"pfq__question__title\">Comment venir au camping ?<\/h4>\n            <div class=\"pfq__answer\"><p>&#8211; <strong>En voiture <\/strong>: Depuis Vannes, prendre la D780 en direction de Sarzeau. \u00c0 Sarzeau, suivre les indications pour la plage de Landrezac. Le camping se situe au 10 rue des Fr\u00e8res le Boulicaut.<br \/>\n&#8211; <strong>En train :<\/strong> La gare la plus proche est celle de Vannes. Depuis la gare, des services de bus ou de taxi permettent de rejoindre Sarzeau et le camping.<br \/>\n&#8211; <strong>En avion :<\/strong> Les a\u00e9roports les plus proches sont ceux de Lorient et Nantes. Depuis ces a\u00e9roports, il est possible de louer une voiture ou de prendre les transports en commun jusqu&#8217;\u00e0 Vannes, puis Sarzeau.<\/p>\n<\/div>\n          <\/div>\n\n        \n          <div class=\"pfq__question\"  >\n            <h4 class=\"pfq__question__title\">Quelle est la gare la plus proche ?<\/h4>\n            <div class=\"pfq__answer\"><p>La gare la plus proche est celle de Vannes.<\/p>\n<\/div>\n          <\/div>\n\n        \n          <div class=\"pfq__question\"  >\n            <h4 class=\"pfq__question__title\">Quels sont les a\u00e9roports les plus proches ?<\/h4>\n            <div class=\"pfq__answer\"><p>Les a\u00e9roports les plus proches sont : Nantes\u00a0: 118Km et Rennes\u00a0: 126Km<\/p>\n<\/div>\n          <\/div>\n\n        \n          <div class=\"pfq__question\"  >\n            <h4 class=\"pfq__question__title\">A quelle distance se trouve le centre-ville ?<\/h4>\n            <div class=\"pfq__answer\"><p>Le centre-ville est \u00e0 7 kms. Il existe des navettes l\u2019\u00e9t\u00e9.<\/p>\n<\/div>\n          <\/div>\n\n        \n          <div class=\"pfq__question\"  >\n            <h4 class=\"pfq__question__title\">Comment se d\u00e9placer autour du camping ?<\/h4>\n            <div class=\"pfq__answer\"><p>A v\u00e9lo\u00a0: des pistes cyclables sont am\u00e9nag\u00e9es pour faciliter vos d\u00e9placements.<\/p>\n<p>\u00e0 pied\u00a0: Depuis le camping, au d\u00e9part de la plage, le GR 34 est am\u00e9nag\u00e9 et est accessible uniquement \u00e0 pied. Cette boucle se d\u00e9roule en grande partie sur la fa\u00e7ade littorale c\u00f4t\u00e9 oc\u00e9an atlantique, de la Pointe de B\u00e9cuno, \u00e0 la Pointe de Penvins. L\u2019int\u00e9r\u00eat de ce parcours est qu\u2019il comporte tr\u00e8s peu de route et de longs tunnels de verdure.<\/p>\n<p>En voiture\u00a0:Nous sommes \u00e0 7 km du centre-ville. De nombreux sites touristiques sont facilement et rapidement accessibles en voiture.<\/p>\n<\/div>\n          <\/div>\n\n        \n          <div class=\"pfq__question\"  >\n            <h4 class=\"pfq__question__title\">Quelles sont les dates d&#039;ouverture du Camping Landrezac Plage ?<\/h4>\n            <div class=\"pfq__answer\"><p>Le camping est ouvert du 11<span class=\"notion-enable-hover\" data-token-index=\"1\"> avril au 20 septembre 2026<\/span>.<!-- notionvc: 2339c7c8-b21f-4873-bb6b-1da5b229bb11 --><\/p>\n<\/div>\n          <\/div>\n\n        \n          <div class=\"pfq__question\"  >\n            <h4 class=\"pfq__question__title\">Quels sont les horaires d\u2019ouverture de la r\u00e9ception du camping ?<\/h4>\n            <div class=\"pfq__answer\"><p>Du lundi au dimanche de 9h00 \u00e0 12h00 et de 15h00 \u00e0 18h00.<\/p>\n<\/div>\n          <\/div>\n\n        \n          <div class=\"pfq__question\"  >\n            <h4 class=\"pfq__question__title\">Peut-on partir en dehors des horaires d&#039;ouverture de la r\u00e9ception ?<\/h4>\n            <div class=\"pfq__answer\"><p>Pour les d\u00e9parts avant l&#8217;ouverture de la r\u00e9ception, c&#8217;est possible:<\/p>\n<ul>\n<li>Pour les emplacements camping, il suffit de d\u00e9poser les cl\u00e9s des sanitaires dans la bo\u00eete pr\u00e9vue \u00e0 cet effet.<\/li>\n<li>Pour les locations, l&#8217;inventaire \u00e9tant indispensable, nous conserverons votre caution dans l&#8217;\u00e9ventualit\u00e9 o\u00f9 nous devrions remplacer des objets cass\u00e9s ou perdus.<\/li>\n<\/ul>\n<p>Si tout est en ordre la caution sera annul\u00e9, le ch\u00e8que sera d\u00e9truit.<\/p>\n<p><!-- notionvc: 110b92cf-939b-4b95-81d5-426fe3e0d985 --><\/p>\n<\/div>\n          <\/div>\n\n        \n          <div class=\"pfq__question\"  >\n            <h4 class=\"pfq__question__title\">Les emplacements sont-ils ombrag\u00e9s ?<\/h4>\n            <div class=\"pfq__answer\"><p>De fa\u00e7on g\u00e9n\u00e9rale oui, mais l\u2019ensoleillement varie en fonction de l\u2019exposition et du moment de la journ\u00e9e. Certaines zones peuvent aussi \u00eatre \u00e9lagu\u00e9es ou ensoleill\u00e9es.<\/p>\n<\/div>\n          <\/div>\n\n        \n          <div class=\"pfq__question\"  >\n            <h4 class=\"pfq__question__title\">Peut-on arriver en dehors des ouvertures de la r\u00e9ception\u00a0?<\/h4>\n            <div class=\"pfq__answer\"><p>Oui si vous avez r\u00e9serv\u00e9 au pr\u00e9alable. Pensez \u00e0 nous pr\u00e9venir, nous vous expliquerons o\u00f9 trouver vos cl\u00e9s et num\u00e9ro d\u2019emplacement.<\/p>\n<\/div>\n          <\/div>\n\n        \n      <\/div>\n\n    \n      <div class=\"pfq__questions__group \" data-pfq-group=\"group-1\">\n\n        <h3>\ud83d\udcc5 R\u00e9servation &amp; Conditions de s\u00e9jour <\/h3>\n\n        \n          <div class=\"pfq__question\"  >\n            <h4 class=\"pfq__question__title\">Comment puis-je r\u00e9server un s\u00e9jour ?<\/h4>\n            <div class=\"pfq__answer\"><p>Vous pouvez effectuer une r\u00e9servation directement sur notre site web ou en nous contactant par t\u00e9l\u00e9phone au <strong>+33 2 97 41 73 56<\/strong> ou par email \u00e0\u00a0<a href=\"bonjour@campinglandrezacplage.fr\">bonjour@campinglandrezacplage.fr<\/a><\/p>\n<p>Lors de la r\u00e9servation de votre s\u00e9jour, un acompte vous est demand\u00e9 pour valider la r\u00e9servation. Il est de 30% du montant de la location + les 10 euros de frais de dossier.<\/p>\n<p>Le paiement du solde de votre s\u00e9jour, pour les locatifs, devra \u00eatre effectu\u00e9 30 jours avant votre arriv\u00e9e.<\/p>\n<p>Vous pouvez r\u00e9gler votre acompte par carte de cr\u00e9dit, ch\u00e8que, ch\u00e8que vacances, ch\u00e8ques vacances ANCV Connect et virement.<\/p>\n<p>Pour les ch\u00e8ques vacances, nous vous conseillons de toujours envoyer en recommand\u00e9 avec accus\u00e9 de r\u00e9ception.<\/p>\n<p>Pour les r\u00e8glements sur place : carte bancaire, ch\u00e8ques vacances ou esp\u00e8ces. Les ch\u00e8ques ne sont pas accept\u00e9s sur place. (Ch\u00e8ques vacances, non accept\u00e9s, pour la caution).<\/p>\n<p>Aucun remboursement ne sera effectu\u00e9 en cas d\u2019arriv\u00e9e ou de retard anticip\u00e9.<\/p>\n<p>La taxe de s\u00e9jour n\u2019est pas incluse dans le prix de l\u2019h\u00e9bergement.<\/p>\n<p>Les tarifs indiqu\u00e9s sont susceptibles d\u2019\u00e9volution. Le camping se r\u00e9serve le droit de modifier les tarifs \u00e0 tout moment. Les s\u00e9jours seront factur\u00e9s sur la base des tarifs en vigueur le jour de la r\u00e9servation, et ce, sous r\u00e9serve des disponibilit\u00e9s. Il est conseill\u00e9 de v\u00e9rifier le tarif applicable en consultant directement le site internet du camping. Les offres et les promotions sont non r\u00e9troactives et non cumulables entre elles.<\/p>\n<p><!-- notionvc: f049ad59-2e0c-4652-b945-8a59195c43d2 --><\/p>\n<\/div>\n          <\/div>\n\n        \n          <div class=\"pfq__question\"  >\n            <h4 class=\"pfq__question__title\">Peut-on souscrire \u00e0 l\u2019assurance annulation ?<\/h4>\n            <div class=\"pfq__answer\"><p>Vous pouvez, si vous le d\u00e9sirez, souscrire un contrat d&#8217;assurance aupr\u00e8s de &#8220;<strong>Campez Couvert by Gritchen<\/strong>&#8221; au\u00a0<strong><a href=\"http:\/\/www.campez-couvert.com\">www.campez-couvert.com<\/a><\/strong><\/p>\n<p>L\u2019assurance annulation ne peut \u00eatre souscrite que lors de la demande initiale de r\u00e9servation. Le client s\u2019engage \u00e0 prendre connaissance des conditions g\u00e9n\u00e9rales d\u2019assurance propos\u00e9es lors de sa r\u00e9servation initiale. Les conditions g\u00e9n\u00e9rales d\u2019assurance annulation sont consultables \u00e0 tout moment sur le site internet du camping.<\/p>\n<p><!-- notionvc: d76d1a87-46f5-4473-9e60-40920457f24c --><\/p>\n<\/div>\n          <\/div>\n\n        \n          <div class=\"pfq__question\"  >\n            <h4 class=\"pfq__question__title\">Le r\u00e8glement int\u00e9rieur et les conditions g\u00e9n\u00e9rales de r\u00e9servation sont-ils consultables ?<\/h4>\n            <div class=\"pfq__answer\"><p>Oui. Toutes les personnes concern\u00e9es par le contrat de location ainsi que leurs invit\u00e9s visiteurs s\u2019engagent \u00e0 respecter le r\u00e8glement int\u00e9rieur du camping. Consultez le r\u00e8glement int\u00e9rieur d\u00e8s votre arriv\u00e9e.<\/p>\n<p>Le r\u00e8glement complet est affich\u00e9 \u00e0 la r\u00e9ception. Votre tranquillit\u00e9 et la r\u00e9ussite de vos vacances pass\u00e9es dans notre camping d\u00e9pendent de ces quelques obligations.<\/p>\n<\/div>\n          <\/div>\n\n        \n          <div class=\"pfq__question\"  >\n            <h4 class=\"pfq__question__title\">Le camping est-il labellis\u00e9 VACAF ?<\/h4>\n            <div class=\"pfq__answer\"><p>Notre camping est labellis\u00e9 VACAF. Vous avez re\u00e7u votre courrier afin d\u2019\u00e9tablir votre dossier, nous avons besoin de votre num\u00e9ro d\u2019allocataire et de votre d\u00e9partement.<\/p>\n<p>Une fois votre dossier mont\u00e9 avec le calcul de vos droits, un acompte vous sera obligatoirement demand\u00e9 pour rendre votre r\u00e9servation valide.<\/p>\n<p>Nous vous recommandons de souscrire \u00e0 l&#8217;assurance annulation (5% du montant total de votre s\u00e9jour) car en cas d&#8217;annulation de votre part VACAF ne versera pas l&#8217;aide pr\u00e9vue et il vous sera demander de r\u00e9gler la totalit\u00e9 de votre s\u00e9jour. N&#8217;h\u00e9sitez pas \u00e0 demander le montant de votre aide avant de r\u00e9server !<\/p>\n<\/div>\n          <\/div>\n\n        \n          <div class=\"pfq__question\"  >\n            <h4 class=\"pfq__question__title\">Est-il possible de r\u00e9server une habitation pour 6 pers et de mettre une petite tente sur l\u2019emplacement car nous sommes 7 ?<\/h4>\n            <div class=\"pfq__answer\"><p>Non, cela est strictement interdit. Vous pouvez soit louer 2 habitations, soit une habitation pour 6 et un emplacement pour la personne restante.<\/p>\n<\/div>\n          <\/div>\n\n        \n          <div class=\"pfq__question\"  >\n            <h4 class=\"pfq__question__title\">Quel est le nombre minimum de nuits que l\u2019on peut r\u00e9server ?<\/h4>\n            <div class=\"pfq__answer\"><p>Pour un emplacement de camping :<\/p>\n<p>\u2013 Avril, mai, juin et septembre: 2 nuits minimum, arriv\u00e9e et d\u00e9part libre.<\/p>\n<p>\u2013 Juillet et ao\u00fbt: 2 nuits minimum, arriv\u00e9e et d\u00e9part libre.<\/p>\n<p>Arriv\u00e9e sur place sans r\u00e9servation : pas de minimum (pour s\u00e9jour en juillet et ao\u00fbt: r\u00e9servation fortement conseill\u00e9e)<\/p>\n<p>Pour une location :<\/p>\n<p>\u2013 Avril, mai, juin, septembre: minimum 2 nuits, arriv\u00e9e et d\u00e9part libre.<\/p>\n<p>\u2013 Juillet et ao\u00fbt: s\u00e9jour par tranche de 7 nuits,\u00a0 samedi\/samedi.<\/p>\n<\/div>\n          <\/div>\n\n        \n          <div class=\"pfq__question\"  >\n            <h4 class=\"pfq__question__title\">Peut-on arriver en dehors des horaires d&#039;ouverture de la r\u00e9ception ?<\/h4>\n            <div class=\"pfq__answer\"><p>Nous vous invitons \u00e0 prendre contact avec nous par mail ou t\u00e9l\u00e9phone et nous vous expliquerons toutes les modalit\u00e9s pour une arriv\u00e9e tardive.<\/p>\n<\/div>\n          <\/div>\n\n        \n          <div class=\"pfq__question\"  >\n            <h4 class=\"pfq__question__title\">Peut-on partir en dehors des horaires d&#039;ouverture de la r\u00e9ception ?<\/h4>\n            <div class=\"pfq__answer\"><p>Pour les d\u00e9parts avant l&#8217;ouverture de la r\u00e9ception, c&#8217;est possible:<\/p>\n<ul>\n<li>Pour les emplacements camping, il suffit de d\u00e9poser les cl\u00e9s des sanitaires dans la bo\u00eete pr\u00e9vue \u00e0 cet effet.<\/li>\n<li>Pour les locations, l&#8217;inventaire \u00e9tant indispensable, nous conserverons votre caution dans l&#8217;\u00e9ventualit\u00e9 o\u00f9 nous devrions remplacer des objets cass\u00e9s ou perdus.<\/li>\n<\/ul>\n<p>Si tout est en ordre la caution sera annul\u00e9, le ch\u00e8que sera d\u00e9truit.<\/p>\n<p><!-- notionvc: 110b92cf-939b-4b95-81d5-426fe3e0d985 --><\/p>\n<\/div>\n          <\/div>\n\n        \n          <div class=\"pfq__question\"  >\n            <h4 class=\"pfq__question__title\">Y a t-il une caution \u00e0 payer ?<\/h4>\n            <div class=\"pfq__answer\"><p>Pour les locations :<\/p>\n<p>\u2013 Caution de 380\u20ac (MH sans SPA) 480\u20ac (MH Pr\u00e9mium et\/ou avec SPA) en cas de d\u00e9gradation dans la location ;<\/p>\n<p>En cas d&#8217;arriv\u00e9e tardive, nous vous conseillons vivement de r\u00e9gler au pr\u00e9alable la caution en ligne via le lien qui vous sera envoy\u00e9.<\/p>\n<p>\u2013 Si vous souhaitez prendre le forfait m\u00e9nage (hors vaisselle et placard et dans la limite des disponibilit\u00e9s) le tarif est \u00e0 partir de 80\u20ac jusqu\u2019\u00e0 120\u20ac selon l\u2019h\u00e9bergement.<\/p>\n<p>Pour les emplacements :<\/p>\n<p>\u2013 Caution de 20\u20ac. Elle sera conserv\u00e9e si l&#8217;emplacement et les sanitaires ne sont pas restitu\u00e9s propres.<\/p>\n<p>En cas d&#8217;arriv\u00e9e tardive, nous vous conseillons de r\u00e9gler au pr\u00e9alable la caution en ligne via le lien qui vous sera envoy\u00e9.<\/p>\n<p>\u2013<\/p>\n<\/div>\n          <\/div>\n\n        \n          <div class=\"pfq__question\"  >\n            <h4 class=\"pfq__question__title\">Le camping est-il accessible aux personnes \u00e0 mobilit\u00e9 r\u00e9duite ?<\/h4>\n            <div class=\"pfq__answer\"><p>Les personnes en fauteuil roulant ont acc\u00e8s aux sanitaires adapt\u00e9s. Nous disposons \u00e9galement d\u2019un mobile home adapt\u00e9 aux personnes \u00e0 mobilit\u00e9 r\u00e9duite.<\/p>\n<\/div>\n          <\/div>\n\n        \n      <\/div>\n\n    \n      <div class=\"pfq__questions__group \" data-pfq-group=\"group-2\">\n\n        <h3>\ud83c\udfd5\ufe0f H\u00e9bergements &amp; Emplacements<\/h3>\n\n        \n          <div class=\"pfq__question\"  >\n            <h4 class=\"pfq__question__title\">Quels types d&#039;h\u00e9bergements proposez-vous ?<\/h4>\n            <div class=\"pfq__answer\"><p>Nous proposons une vari\u00e9t\u00e9 d&#8217;h\u00e9bergements, notamment des <strong>mobil-homes<\/strong> de 1 \u00e0 3 chambres, certains \u00e9quip\u00e9s de <strong>jacuzzis priv\u00e9s<\/strong>, ainsi qu&#8217;un mobil-home accessible aux personnes \u00e0 mobilit\u00e9 r\u00e9duite (PMR). Le mobil-home, sera mis \u00e0 votre disposition le jour pr\u00e9vu de votre arriv\u00e9e \u00e0 partir de 15 heures et devra le jour de votre d\u00e9part, \u00eatre lib\u00e9r\u00e9 au plus tard \u00e0 10 heures.<\/p>\n<p>Des <strong>emplacements premium<\/strong> avec \u00e9lectricit\u00e9 et sanitaires priv\u00e9s sont \u00e9galement disponibles pour tentes, caravanes et camping-cars. L\u2019emplacement de camping sera mis \u00e0 votre disposition le jour pr\u00e9vu de votre arriv\u00e9e \u00e0 partir de 14 heures et devra le jour de votre d\u00e9part, \u00eatre lib\u00e9r\u00e9 au plus tard \u00e0 12 heures.<\/p>\n<p>Les prises de courant doivent obligatoirement \u00eatre normalis\u00e9es avec une prise de terre. Toute installation non conforme sera d\u00e9branch\u00e9e. Il est rappel\u00e9 que l\u2019usage du courant \u00e9lectrique est strictement r\u00e9serv\u00e9 \u00e0 l\u2019\u00e9clairage, \u00e0 l\u2019alimentation du t\u00e9l\u00e9viseur et du r\u00e9frig\u00e9rateur. Le barbecue \u00e9lectrique est non-autoris\u00e9 sur les emplacements. (6A \/ 1200W). \u2013 Adaptateur : Branchement \u00e9lectrique par prise fran\u00e7aise (en majorit\u00e9) ou europ\u00e9enne. Pr\u00eat d\u2019adaptateur \u00e0 la r\u00e9ception. Caution 20 \u20ac.<\/p>\n<p><!-- notionvc: 82fd2fc8-275c-43ec-b619-df4bdd492c40 --><\/p>\n<\/div>\n          <\/div>\n\n        \n          <div class=\"pfq__question\"  >\n            <h4 class=\"pfq__question__title\">Combien de personnes peuvent s\u2019installer sur un emplacement de camping ?<\/h4>\n            <div class=\"pfq__answer\"><p>6 personnes maximum (b\u00e9b\u00e9 inclus) sont autoris\u00e9es sur l\u2019emplacement.<\/p>\n<\/div>\n          <\/div>\n\n        \n          <div class=\"pfq__question\"  >\n            <h4 class=\"pfq__question__title\">Les emplacements sont-ils ombrag\u00e9s ?<\/h4>\n            <div class=\"pfq__answer\"><p>De fa\u00e7on g\u00e9n\u00e9rale oui, mais l\u2019ensoleillement varie en fonction de l\u2019exposition et du moment de la journ\u00e9e. Certaines zones peuvent aussi \u00eatre \u00e9lagu\u00e9es ou ensoleill\u00e9es.<\/p>\n<\/div>\n          <\/div>\n\n        \n          <div class=\"pfq__question\"  >\n            <h4 class=\"pfq__question__title\">Les cuisines des locations sont-elles \u00e9quip\u00e9es ?<\/h4>\n            <div class=\"pfq__answer\"><p>Oui :<\/p>\n<p>\u2013 De plaques \u00e0 gaz \u00e9lectriques (les bouteilles de gaz vides sont chang\u00e9es par l\u2019\u00e9quipe d\u2019entretien sur simple demande \u00e0 l\u2019accueil) et de plaques<\/p>\n<p>\u2013 D\u2019un four \u00e0 micro-ondes,<\/p>\n<p>\u2013 D\u2019un r\u00e9frig\u00e9rateur,<\/p>\n<p>\u2013 De vaisselle pour le nombre de personnes pr\u00e9vues dans la location.<\/p>\n<p>\u2013 D\u2019un lave-vaisselle pour certaines locations<\/p>\n<p>\u2013 D&#8217;une cafeti\u00e8re \u00e0 filtre<\/p>\n<p>Sont disponibles gratuitement et \u00e0 la demande \u00e0 la r\u00e9ception d&#8217;autres \u00e9quipements (bouilloires, s\u00e8che-cheveux, etc)<\/p>\n<\/div>\n          <\/div>\n\n        \n          <div class=\"pfq__question\"  >\n            <h4 class=\"pfq__question__title\">Les draps et les couvertures sont-ils inclus ?<\/h4>\n            <div class=\"pfq__answer\"><p>Les h\u00e9bergements sont \u00e9quip\u00e9s de couvertures\/couettes et d\u2019oreillers. Les draps et serviettes ne sont pas inclus. Des kits de draps jetables et un kit hygi\u00e8ne (avec papier toilette) peuvent \u00eatre achet\u00e9s sur place ou \u00e0 la r\u00e9servation.<\/p>\n<\/div>\n          <\/div>\n\n        \n          <div class=\"pfq__question\"  >\n            <h4 class=\"pfq__question__title\">Il y a-t-il une t\u00e9l\u00e9vision dans les locations ?<\/h4>\n            <div class=\"pfq__answer\"><p>Tous les h\u00e9bergements sont \u00e9quip\u00e9s de la t\u00e9l\u00e9vision.<\/p>\n<\/div>\n          <\/div>\n\n        \n          <div class=\"pfq__question\"  >\n            <h4 class=\"pfq__question__title\">Peut-on louer un lit b\u00e9b\u00e9 ou une chaise haute ?<\/h4>\n            <div class=\"pfq__answer\"><p>Oui, la location de lit b\u00e9b\u00e9 et de la chaise haute lors de la r\u00e9servation.<\/p>\n<\/div>\n          <\/div>\n\n        \n      <\/div>\n\n    \n      <div class=\"pfq__questions__group \" data-pfq-group=\"group-3\">\n\n        <h3>\ud83d\ude97 Circulation &amp; Stationnement<\/h3>\n\n        \n          <div class=\"pfq__question\"  >\n            <h4 class=\"pfq__question__title\">Combien de v\u00e9hicules sont autoris\u00e9s par r\u00e9servation ? O\u00f9 se garer ?<\/h4>\n            <div class=\"pfq__answer\"><p>Un seul v\u00e9hicule est autoris\u00e9 par emplacement.<\/p>\n<p>Vous avez la possibilit\u00e9 de garer le second v\u00e9hicule sur le parking du camping (en r\u00e9glant un suppl\u00e9ment)<\/p>\n<p>Des barri\u00e8res automatiques sont install\u00e9es \u00e0 l\u2019entr\u00e9e et \u00e0 la sortie du camping et du parking.\u00a0 La barri\u00e8re du camping sont s\u2019ouvertes de 8h \u00e0 20h00, aucune circulation n\u2019est autoris\u00e9e dans le camping apr\u00e8s 20h00, sauf en cas d\u2019urgence. Vous trouverez donc le parking priv\u00e9 destin\u00e9 au camping pour stationner votre v\u00e9hicule en cas d\u2019arriv\u00e9e tardive.<\/p>\n<\/div>\n          <\/div>\n\n        \n          <div class=\"pfq__question\"  >\n            <h4 class=\"pfq__question__title\">Peut-on stationner ou circuler avec son v\u00e9hicule dans le camping ?<\/h4>\n            <div class=\"pfq__answer\"><p>Le camping est pi\u00e9ton.<\/p>\n<p>Aucun v\u00e9hicule ne doit rester stationn\u00e9 dans le camping et aux abords des h\u00e9bergements. Tous les v\u00e9hicules motoris\u00e9s \u00e0 4 et 2 roues doivent s\u00e9journer sur le parking pr\u00e9vu \u00e0 cet effet.<\/p>\n<p>A l\u2019int\u00e9rieur du terrain de camping, les v\u00e9hicules ne doivent pas exc\u00e9der la vitesse de 10 Km\/h.<\/p>\n<p>Aucun v\u00e9hicule n\u2019est autoris\u00e9 \u00e0 circuler \u00e0 l\u2019int\u00e9rieur du camping entre 20H00 et 08H00, la barri\u00e8re d\u2019acc\u00e8s sera \u00e9galement ferm\u00e9e durant cette p\u00e9riode.<\/p>\n<p>Le stationnement ne doit pas entraver la circulation ni emp\u00eacher l\u2019installation de nouveaux arrivants. Tout stationnement engendrera un co\u00fbt de 4 euros par jour.<\/p>\n<\/div>\n          <\/div>\n\n        \n      <\/div>\n\n    \n      <div class=\"pfq__questions__group \" data-pfq-group=\"group-4\">\n\n        <h3>\ud83d\udece\ufe0f Services, Vie quotidienne &amp; R\u00e8glement<\/h3>\n\n        \n          <div class=\"pfq__question\"  >\n            <h4 class=\"pfq__question__title\">Quels types de services puis-je trouver dans le camping ?<\/h4>\n            <div class=\"pfq__answer\"><ul>\n<li><strong>Service de location :<\/strong>\u00a0Location de kit b\u00e9b\u00e9 (chaise haute, lit b\u00e9b\u00e9, baignoire), kit h\u00f4telier (Kit de draps jetables en achat , r\u00e9frig\u00e9rateurs)<\/li>\n<li><strong>Wi-Fi :<\/strong> Le camping propose un acc\u00e8s gratuit \u00e0 Internet. Vous recevez le mot de passe \u00e0 votre arriv\u00e9e \u00e0 la r\u00e9ception. La connexion Wi-Fi n\u2019est destin\u00e9e qu\u2019\u00e0 un usage classique d\u2019internet (mails, surf classique sur le web, excluant les vid\u00e9os, jeux vid\u00e9o, et la TV en ligne).<\/li>\n<\/ul>\n<p><!-- notionvc: 0d2f4b5e-297d-4d1d-8d2e-40babb390308 --><\/p>\n<\/div>\n          <\/div>\n\n        \n          <div class=\"pfq__question\"  >\n            <h4 class=\"pfq__question__title\">Y a-t-il une laverie dans le camping ?<\/h4>\n            <div class=\"pfq__answer\"><p>Oui. Des jetons sont disponibles \u00e0 la r\u00e9ception pour un montant de 5 euros\u00a0 + 1 euro pour la lessive. Vous pouvez \u00e9galement glisser 5 euros directement dans le lave-linge. Nous n\u2019avons pas de s\u00e8che-linge mais des s\u00e9choirs sont disponibles dans chaque h\u00e9bergement.<\/p>\n<\/div>\n          <\/div>\n\n        \n          <div class=\"pfq__question\"  >\n            <h4 class=\"pfq__question__title\">Les animaux de compagnie sont-ils accept\u00e9s ?<\/h4>\n            <div class=\"pfq__answer\"><p>Les animaux domestiques (Hors cat\u00e9gories 1 et 2) sont accept\u00e9s sur notre camping . Les chiens de 1\u00e8re et 2\u00e8me cat\u00e9gorie ne sont pas accept\u00e9s au camping. Ils doivent \u00eatre obligatoirement tenus en laisse. Le carnet de sant\u00e9 de l\u2019animal sur lequel est indiqu\u00e9 l&#8217;identification de l&#8217;animal par tatouage ou autre moyen<br \/>\nagr\u00e9\u00e9 (Arr\u00eat\u00e9 du 30 juin 1992) et la vaccination antirabique en cours de validit\u00e9 (Arr\u00eat\u00e9 du 22<br \/>\njanvier 1985) vous sera demand\u00e9 \u00e0 la r\u00e9ception le jour de votre arriv\u00e9e. Concernant le m\u00e9nage de votre location, le passage de l\u2019aspirateur sera obligatoire.<br \/>\nLes chiens ne doivent jamais \u00eatre laiss\u00e9s en libert\u00e9. Ils doivent \u00eatre tenus en laisse et faire<br \/>\nleurs besoins \u00e0 l&#8217;ext\u00e9rieur du terrain de camping. Ils ne doivent pas \u00eatre laiss\u00e9s dans le camping, m\u00eame enferm\u00e9s, en l&#8217;absence de leurs ma\u00eetres. L&#8217;usage et l&#8217;acc\u00e8s aux sanitaires et \u00e0 la piscine sont formellement interdits aux animaux. Les chats ne sont pas accept\u00e9s.<\/p>\n<\/div>\n          <\/div>\n\n        \n          <div class=\"pfq__question\"  >\n            <h4 class=\"pfq__question__title\">L&#039;eau est-elle potable ?<\/h4>\n            <div class=\"pfq__answer\"><p>Oui des points d&#8217;eau en plusieurs lieux du site sont accessibles et l&#8217;eau est potable, \u00e0 boire. Les diff\u00e9rents points d\u2019eau sont en acc\u00e8s libre.<\/p>\n<\/div>\n          <\/div>\n\n        \n          <div class=\"pfq__question\"  >\n            <h4 class=\"pfq__question__title\">Les barbecues sont-ils autoris\u00e9s ?<\/h4>\n            <div class=\"pfq__answer\"><p>Nous autorisons les barbecues \u00e0 charbon de bois uniquement. Vous en trouverez \u00e0 disposition en location sur place \u00e0 la journ\u00e9e ou \u00e0 la semaine (5\u20ac \/jour).<\/p>\n<\/div>\n          <\/div>\n\n        \n          <div class=\"pfq__question\"  >\n            <h4 class=\"pfq__question__title\">Acceptez-vous les visiteurs ?<\/h4>\n            <div class=\"pfq__answer\"><p>Pour rappel, un visiteur est une personne ne faisant pas partie des participants mentionn\u00e9s sur la R\u00e9servation et venant rendre visite au Client sur le Camping.<\/p>\n<ul>\n<li>Les visiteurs sont tenus de se pr\u00e9senter \u00e0 la r\u00e9ception avec le titulaire de la r\u00e9servation, munis d&#8217;une pi\u00e8ce d&#8217;identit\u00e9, aux heures d&#8217;ouverture, et doivent s&#8217;acquitter de la somme forfaitaire (5\u20ac basse saison, 10\u20ac haute saison) par jour et par personne.<\/li>\n<li>Le titulaire du logement devra nous pr\u00e9venir en amont et aux horaires d&#8217;ouverture de la venue de son invit\u00e9.<\/li>\n<li>Ils s&#8217;engagent \u00e0 respecter le r\u00e8glement int\u00e9rieur du camping affich\u00e9 \u00e0 la r\u00e9ception et sont sous la responsabilit\u00e9 des campeurs qui les re\u00e7oivent.<\/li>\n<li>Les visiteurs ne sont pas autoris\u00e9s \u00e0 passer la barri\u00e8re d&#8217;entr\u00e9e au site avec leur v\u00e9hicule qui devra \u00eatre gar\u00e9 \u00e0 l&#8217;ext\u00e9rieur du camping.<\/li>\n<li><strong>Les visiteurs doivent laisser leur animal \u00e0 la maison.<\/strong><\/li>\n<li>les Visiteurs ne sont pas autoris\u00e9s \u00e0 rester dans l\u2019H\u00e9bergement ou sur l\u2019Emplacement r\u00e9serv\u00e9 en dehors des horaires de visite d\u00e9finis par le r\u00e8glement int\u00e9rieur du Camping (<em>m\u00eame si la\u00a0capacit\u00e9 de l\u2019H\u00e9bergement ou l\u2019Emplacement le permet<\/em>) ni \u00e0 disposer des \u00e9quipements et installations du Camping (piscine).<\/li>\n<li>Les visiteurs peuvent arriver d\u00e8s 09h30\u00a0 doivent avoir quitt\u00e9 le site avant 23h00.<\/li>\n<li>La Direction se r\u00e9serve le droit d&#8217;intervenir en appliquant le r\u00e8glement int\u00e9rieur, en cas de manquement \u00e0 celui-ci, par une expulsion d\u00e9finitive.<\/li>\n<\/ul>\n<\/div>\n          <\/div>\n\n        \n          <div class=\"pfq__question\"  >\n            <h4 class=\"pfq__question__title\">Quelles sont les consignes de s\u00e9curit\u00e9 \u00e0 suivre en cas de sinistre (incendie, inondation, etc\u2026) ?<\/h4>\n            <div class=\"pfq__answer\"><p>Les plans d\u2019\u00e9vacuation sont affich\u00e9s sur le panneau devant la r\u00e9ception et \u00e0 l\u2019ext\u00e9rieur du camping. Vous pouvez trouver les num\u00e9ros d\u2019appels des services de secours et d\u2019urgence \u00e0 la r\u00e9ception du camping mais aussi dans votre h\u00e9bergement.<\/p>\n<\/div>\n          <\/div>\n\n        \n          <div class=\"pfq__question\"  >\n            <h4 class=\"pfq__question__title\">Le m\u00e9nage est-il compris dans le prix de ma location ?<\/h4>\n            <div class=\"pfq__answer\"><p>Non vous devez effectuer le m\u00e9nage avant de rendre les cl\u00e9s. La remise des cl\u00e9s se fait \u00e0 la r\u00e9ception le jour du d\u00e9part entre 9h00 et 10h00. Autrement vous avez la possibilit\u00e9 de r\u00e9server un forfait m\u00e9nage \u00e0 la r\u00e9servation. Tout m\u00e9nage non effectu\u00e9 sera factur\u00e9.<\/p>\n<\/div>\n          <\/div>\n\n        \n          <div class=\"pfq__question\"  >\n            <h4 class=\"pfq__question__title\">L\u2019\u00e9tat des lieux ?<\/h4>\n            <div class=\"pfq__answer\"><p>Votre location devra \u00eatre rendue propre lors de l\u2019\u00e9tat des lieux de d\u00e9part. Si vous souhaitez prendre le forfait m\u00e9nage, le tarif est \u00e0 partir de 80\u20ac jusqu\u2019\u00e0 120\u20ac selon l\u2019h\u00e9bergement choisi. Pour cela, il vous sera demand\u00e9 de nous pr\u00e9venir au d\u00e9but de votre s\u00e9jour ou lors de votre r\u00e9servation.<\/p>\n<p>Votre emplacement devra \u00eatre rendu propre sans d\u00e9chets, poubelles, papiers, excr\u00e9ments ou autres, le jour de votre d\u00e9part. La caution sera encaiss\u00e9e dans le cas contraire.<\/p>\n<\/div>\n          <\/div>\n\n        \n      <\/div>\n\n    \n      <div class=\"pfq__questions__group \" data-pfq-group=\"group-5\">\n\n        <h3>\ud83c\udfca Piscine &amp; Loisirs<\/h3>\n\n        \n          <div class=\"pfq__question\"  >\n            <h4 class=\"pfq__question__title\">Quelles sont les installations aquatiques disponibles ?<\/h4>\n            <div class=\"pfq__answer\"><p>Nous disposons d&#8217;une <strong>piscine couverte et chauff\u00e9e<\/strong>, accessible \u00e0 tous nos clients.<\/p>\n<p>Le R\u00e8glement Int\u00e9rieur de la piscine est affich\u00e9 \u00e0 l\u2019entr\u00e9e. Celui-ci a \u00e9t\u00e9 \u00e9labor\u00e9 pour votre s\u00e9curit\u00e9. Nous vous remercions de bien vouloir vous y conformer. Tout contrevenant aux r\u00e8gles de s\u00e9curit\u00e9 en vigueur dans les piscines fran\u00e7aises peut se voir refuser l\u2019acc\u00e8s de la piscine pour toute la dur\u00e9e de son s\u00e9jour, sans aucun d\u00e9dommagement. Les shorts de bain sont interdits.<\/p>\n<p>Un bracelet est remis \u00e0 chacun de nos clients. Il doit \u00eatre port\u00e9 \u00e0 tout moment. Le bracelet doit \u00eatre port\u00e9 au poignet et suffisamment ajust\u00e9. Les enfants devront toujours \u00eatre sous la surveillance de leurs parents.<\/p>\n<\/div>\n          <\/div>\n\n        \n          <div class=\"pfq__question\"  >\n            <h4 class=\"pfq__question__title\">Quels sont les horaires d\u2019ouverture de l\u2019espace aquatique ?<\/h4>\n            <div class=\"pfq__answer\"><p>La piscine est ouverte de l\u2019ouverture \u00e0 la fermeture du camping de 10h \u2013 19h en toute saison<\/p>\n<\/div>\n          <\/div>\n\n        \n          <div class=\"pfq__question\"  >\n            <h4 class=\"pfq__question__title\">Quels sont les \u00e9quipements sportifs du camping ?<\/h4>\n            <div class=\"pfq__answer\"><p>Nous disposons d\u2019une piscine, d\u2019un terrain de boules et de tennis de table.<\/p>\n<p>Ecole de kite, paddle, Wing foil (EKO KITE)<\/p>\n<\/div>\n          <\/div>\n\n        \n          <div class=\"pfq__question\"  >\n            <h4 class=\"pfq__question__title\">Proposez-vous des animations pour les enfants ?<\/h4>\n            <div class=\"pfq__answer\"><p>Nous n&#8217;avons pas de club animation pour les enfants.<\/p>\n<\/div>\n          <\/div>\n\n        \n          <div class=\"pfq__question\"  >\n            <h4 class=\"pfq__question__title\">Quelles activit\u00e9s peut-on pratiquer aux alentours ?<\/h4>\n            <div class=\"pfq__answer\"><p>Le camping est situ\u00e9 \u00e0 proximit\u00e9 du <span class=\"notion-enable-hover\" data-token-index=\"1\">s<strong>entier de randonn\u00e9e GR34<\/strong><\/span>, id\u00e9al pour les amateurs de marche. Le <strong><span class=\"notion-enable-hover\" data-token-index=\"3\">Ch\u00e2teau de Suscinio<\/span><\/strong> se trouve \u00e9galement \u00e0 seulement 10 minutes \u00e0 pied. De plus, la r\u00e9gion offre une multitude d&#8217;activit\u00e9s touristiques et ludiques pour toute la famille.<!-- notionvc: 367adeaa-d0dd-4ef4-b0b8-a1c10f06dc2c --><\/p>\n<\/div>\n          <\/div>\n\n        \n      <\/div>\n\n    \n      <div class=\"pfq__questions__group \" data-pfq-group=\"group-6\">\n\n        <h3>\ud83c\udf74 Restauration<\/h3>\n\n        \n          <div class=\"pfq__question\"  >\n            <h4 class=\"pfq__question__title\">Quels services de restauration proposez-vous ?<\/h4>\n            <div class=\"pfq__answer\"><p>Notre <strong>Guinguette Gourmande<\/strong> \u00ab Les enfants de la plage \u00bb en front de mer ouvert de 12h00 \u00e0 21h30 (dernier service) avec un snack, r\u00f4tisserie, plat \u00e0 emporter. Elle vous accueille pour des moments conviviaux autour de repas savoureux.<\/p>\n<p>En juillet et Ao\u00fbt, un concert le mardi et jeudi de 19h00 \u00e0 22h00 \u00e0 la guinguette \u00ab Les enfants de la plage \u00bb<\/p>\n<p><!-- notionvc: 298842a4-4a6c-4b2a-83ca-83cb49c682c9 --><\/p>\n<\/div>\n          <\/div>\n\n        \n      <\/div>\n\n    \n      <div class=\"pfq__questions__group \" data-pfq-group=\"group-7\">\n\n        <h3>R\u00e9servations sur une plateforme en ligne<\/h3>\n\n        \n          <div class=\"pfq__question\"  >\n            <h4 class=\"pfq__question__title\">Les frais de dossier du camping et ceux de l\u2019OTA ne sont pas les m\u00eames?<\/h4>\n            <div class=\"pfq__answer\"><p data-start=\"1028\" data-end=\"1227\">Lorsque vous r\u00e9servez un s\u00e9jour via une plateforme en ligne (Campings.com, Booking.com&#8230;, etc.), ces sites peuvent appliquer <strong data-start=\"1166\" data-end=\"1224\">leurs propres \u201cfrais de dossier\u201d ou \u201cfrais de service\u201d, pour :<\/strong><\/p>\n<ul data-start=\"493\" data-end=\"681\">\n<li data-start=\"493\" data-end=\"601\">\n<p data-start=\"495\" data-end=\"601\">couvrir leurs <strong data-start=\"509\" data-end=\"533\">co\u00fbts de transaction<\/strong> (paiement, support client, assurance, service multilingue, etc.), leurs co\u00fbts de fonctionnement et leurs services clients<\/p>\n<\/li>\n<li data-start=\"602\" data-end=\"681\">\n<p data-start=\"604\" data-end=\"681\">et <strong data-start=\"607\" data-end=\"631\">augmenter leur marge<\/strong> sans modifier les prix affich\u00e9s par les campings.<\/p>\n<\/li>\n<\/ul>\n<p data-start=\"683\" data-end=\"832\">\ud83e\udde9 En clair : ces frais sont <strong data-start=\"712\" data-end=\"770\">une source de revenu suppl\u00e9mentaire directe pour l\u2019OTA<\/strong>, distincte de la commission qu\u2019elle prend sur la r\u00e9servation.<\/p>\n<p data-start=\"1234\" data-end=\"1419\">Ces frais sont <strong data-start=\"1249\" data-end=\"1289\">fix\u00e9s et encaiss\u00e9s par la plateforme<\/strong>. Ils ne sont <strong data-start=\"1376\" data-end=\"1401\">ni d\u00e9cid\u00e9s, ni per\u00e7us<\/strong> par le camping.<\/p>\n<p data-start=\"1426\" data-end=\"1588\">Les <strong data-start=\"1430\" data-end=\"1461\">frais de dossier du camping<\/strong>, couvrent uniquement la gestion interne de votre r\u00e9servation (traitement administratif, accueil, etc.).<\/p>\n<p data-start=\"1595\" data-end=\"1666\">En r\u00e9servant <strong data-start=\"1608\" data-end=\"1647\">directement sur notre site officiel<\/strong>, vous b\u00e9n\u00e9ficiez :<\/p>\n<ul data-start=\"1669\" data-end=\"1842\">\n<li data-start=\"1669\" data-end=\"1703\">\n<p data-start=\"1671\" data-end=\"1703\">du <strong data-start=\"1674\" data-end=\"1700\">meilleur tarif garanti<\/strong>,<\/p>\n<\/li>\n<li data-start=\"1706\" data-end=\"1754\">\n<p data-start=\"1708\" data-end=\"1754\"><strong data-start=\"1708\" data-end=\"1751\">d\u2019aucun frais de dossier suppl\u00e9mentaire<\/strong>,<\/p>\n<\/li>\n<li data-start=\"1757\" data-end=\"1838\">\n<p data-start=\"1759\" data-end=\"1838\">d\u2019un <strong data-start=\"1764\" data-end=\"1800\">contact direct avec notre \u00e9quipe<\/strong> pour toute demande ou modification.<\/p>\n<\/li>\n<\/ul>\n<p data-start=\"1845\" data-end=\"1965\">\u2705 R\u00e9server en direct, c\u2019est soutenir le camping et profiter du <strong data-start=\"1908\" data-end=\"1941\">meilleur rapport qualit\u00e9-prix<\/strong>, en toute transparence.<\/p>\n<\/div>\n          <\/div>\n\n        \n      <\/div>\n\n    \n      <div class=\"pfq__questions__group \" data-pfq-group=\"group-8\">\n\n        <h3>R\u00e9servation des mineurs<\/h3>\n\n        \n          <div class=\"pfq__question\"  >\n            <h4 class=\"pfq__question__title\">Un mineur peut-il s\u00e9journer au camping dans repr\u00e9sentant l\u00e9gal ?<\/h4>\n            <div class=\"pfq__answer\"><p>L&#8217;acc\u00e8s au camping est strictement interdit aux mineurs non accompagn\u00e9s** d&#8217;un repr\u00e9sentant l\u00e9gal (parents ou tuteurs).<\/p>\n<p>Tout mineur pr\u00e9sent sur le terrain de camping doit imp\u00e9rativement \u00eatre plac\u00e9 sous la responsabilit\u00e9 directe et constante de son repr\u00e9sentant l\u00e9gal. Ce dernier doit \u00eatre physiquement pr\u00e9sent sur le camping pendant toute la dur\u00e9e du s\u00e9jour du mineur.<\/p>\n<p>Vous devez en plus pr\u00e9senter une\u00a0<strong>carte d\u2019identit\u00e9<\/strong>\u00a0ou un\u00a0<strong>passeport<\/strong>\u00a0si vous venez d\u2019un autre pays.<\/p>\n<p>Pr\u00e9sentation d\u2019une\u00a0<strong>copie de la pi\u00e8ce d\u2019identit\u00e9 du responsable l\u00e9gal<\/strong>, et une\u00a0<strong>assurance responsabilit\u00e9 civile<\/strong>\u00a0souscrite par ce dernier.<\/p>\n<p>En cas de non-respect de cette r\u00e8gle, la direction se r\u00e9serve le droit de refuser l&#8217;acc\u00e8s au camping ou de proc\u00e9der \u00e0 l&#8217;expulsion imm\u00e9diate du ou des mineurs concern\u00e9s, ainsi que de leurs accompagnateurs, sans remboursement.<\/p>\n<p>En d\u2019autres termes, si vous \u00eates mineur, vous avez besoin de l\u2019assistance de vos parents ou de votre tuteur l\u00e9gal pour faire du camping.<\/p>\n<\/div>\n          <\/div>\n\n        \n      <\/div>\n\n    \n  <\/div>\n<\/div>\n<\/div>\n\n<div class=\"wp-block-group alignfull is-layout-flow wp-block-group-is-layout-flow\">\n<div class=\"wp-block-columns is-layout-flex wp-container-core-columns-is-layout-28f84493 wp-block-columns-is-layout-flex\">\n<div class=\"wp-block-column is-vertically-aligned-stretch has-contrast-background-color has-background is-layout-flow wp-block-column-is-layout-flow\" style=\"flex-basis:33.33%\">\n<div class=\"wp-block-group has-font-alt-background-color has-background is-vertical is-content-justification-center is-layout-flex wp-container-core-group-is-layout-4a032414 wp-block-group-is-layout-flex\" style=\"padding-top:4rem;padding-right:5rem;padding-bottom:4rem;padding-left:5rem\">\n<div class=\"wp-block-group has-global-padding is-layout-constrained wp-block-group-is-layout-constrained\">\n<figure class=\"wp-block-image size-full is-resized wp-duotone-green-img\"><img decoding=\"async\" src=\"https:\/\/www.campinglandrezacplage.fr\/wp-content\/themes\/landrezac\/assets\/images\/croixbretagne.svg\" alt=\"Campsite Landrezac\" class=\"wp-image-610\" style=\"object-fit:contain;width:50px;height:50px\"\/><\/figure>\n<\/div>\n\n\n\n<p class=\"has-text-align-center is-style-plight has-primary-color has-text-color has-link-color has-mm-font-size wp-elements-c025ea5baa7f636598df3dd46e0cea03 is-style-plight--3\"><strong>LEAVE WITH PEACE OF MIND<\/strong><\/p>\n\n\n\n<p class=\"has-text-align-center is-style-plight has-primary-color has-text-color has-link-color wp-elements-a8bca6a3a588934671820dc83e63bfb0 is-style-plight--4\" style=\"font-size:0.8rem\">GREATER FLEXIBILITY WITH OUR CANCELLATION INSURANCE<\/p>\n\n\n\n<div class=\"wp-block-group has-global-padding is-layout-constrained wp-block-group-is-layout-constrained\">\n<figure class=\"wp-block-image size-medium is-resized\"><img decoding=\"async\" src=\"https:\/\/www.campinglandrezacplage.fr\/wp-content\/themes\/landrezac\/assets\/images\/logos\/logo-campez-couvert.png\" alt=\"Covered camping\" class=\"wp-image-274\" style=\"width:146px\"\/><\/figure>\n<\/div>\n\n\n\n<p class=\"has-text-align-center is-style-plight has-primary-color has-text-color has-link-color wp-elements-8eaa959586384c0f50c20e5ad22fd941 is-style-plight--5\" style=\"font-size:0.8rem\">BEST PRICE DIRECT SECURE PAYMENT<\/p>\n\n\n\n<div class=\"wp-block-group has-global-padding is-layout-constrained wp-block-group-is-layout-constrained\">\n<figure class=\"wp-block-image size-full is-resized\"><img decoding=\"async\" src=\"https:\/\/www.campinglandrezacplage.fr\/wp-content\/themes\/landrezac\/assets\/images\/logos\/ico-paiement.png\" alt=\"Payments\" class=\"wp-image-275\" style=\"width:180px\"\/><\/figure>\n<\/div>\n\n\n\n<p class=\"has-text-align-center is-style-plight has-primary-color has-text-color has-link-color wp-elements-52c764a5d6bdff32bb5a0ee7148588b1 is-style-plight--6\" style=\"font-size:0.8rem\">CLASSIC &amp; CONNECT VACATION VOUCHERS<\/p>\n\n\n\n<div class=\"wp-block-group has-global-padding is-layout-constrained wp-block-group-is-layout-constrained\">\n<figure class=\"wp-block-image size-full is-resized\"><img decoding=\"async\" src=\"https:\/\/www.campinglandrezacplage.fr\/wp-content\/themes\/landrezac\/assets\/images\/logos\/logo-ancv-connect.png\" alt=\"ANCV Connect\" class=\"wp-image-277\" style=\"width:90px\"\/><\/figure>\n<\/div>\n<\/div>\n<\/div>\n\n\n\n<div class=\"wp-block-column is-vertically-aligned-stretch has-ternary-background-color has-background is-layout-flow wp-block-column-is-layout-flow\" style=\"flex-basis:66.66%\">\n<div class=\"wp-block-group is-vertical is-content-justification-right is-layout-flex wp-container-core-group-is-layout-415391f2 wp-block-group-is-layout-flex\" style=\"min-height:100%;padding-top:2rem;padding-right:3rem;padding-bottom:2rem;padding-left:1rem\">\n<div class=\"wp-block-columns is-not-stacked-on-mobile is-layout-flex wp-container-core-columns-is-layout-7e464bea wp-block-columns-is-layout-flex\">\n<div class=\"wp-block-column is-layout-flow wp-block-column-is-layout-flow\">\n<figure class=\"wp-block-image size-large is-resized\"><a href=\"https:\/\/www.tiktok.com\/@campinglandrezacplage_56\" target=\"_blank\" rel=\" noreferrer noopener\"><img decoding=\"async\" src=\"https:\/\/www.campinglandrezacplage.fr\/wp-content\/themes\/landrezac\/assets\/images\/logos\/ico-tiktok.png\" alt=\"Camping Landrezac on Facebook\" style=\"object-fit:contain;width:45px;height:45px\"\/><\/a><\/figure>\n<\/div>\n\n\n\n<div class=\"wp-block-column is-layout-flow wp-block-column-is-layout-flow\">\n<figure class=\"wp-block-image size-full is-resized\"><a href=\"https:\/\/www.facebook.com\/campinglandrezacplage\/\" target=\"_blank\" rel=\" noreferrer noopener\"><img decoding=\"async\" src=\"https:\/\/www.campinglandrezacplage.fr\/wp-content\/themes\/landrezac\/assets\/images\/logos\/ico-facebook.png\" alt=\"Camping Landrezac on Facebook\" class=\"wp-image-285\" style=\"object-fit:contain;width:45px;height:45px\"\/><\/a><\/figure>\n<\/div>\n\n\n\n<div class=\"wp-block-column is-layout-flow wp-block-column-is-layout-flow\">\n<figure class=\"wp-block-image size-full is-resized\"><a href=\"https:\/\/www.instagram.com\/campinglandrezacplage\/\" target=\"_blank\" rel=\" noreferrer noopener\"><img decoding=\"async\" src=\"https:\/\/www.campinglandrezacplage.fr\/wp-content\/themes\/landrezac\/assets\/images\/logos\/ico-insta.png\" alt=\"Camping Landrezac on Instagram\" class=\"wp-image-286\" style=\"object-fit:contain;width:45px;height:45px\"\/><\/a><\/figure>\n<\/div>\n\n\n\n<div class=\"wp-block-column is-layout-flow wp-block-column-is-layout-flow\">\n<figure class=\"wp-block-image size-full is-resized\"><a href=\"https:\/\/www.youtube.com\/@landrezac-plage-camping\" target=\"_blank\" rel=\" noreferrer noopener\"><img decoding=\"async\" src=\"https:\/\/www.campinglandrezacplage.fr\/wp-content\/themes\/landrezac\/assets\/images\/logos\/ico-yt.png\" alt=\"Camping Landrezac on YouTube\" class=\"wp-image-1572\" style=\"object-fit:contain;width:45px;height:45px\"\/><\/a><\/figure>\n<\/div>\n\n\n\n<div class=\"wp-block-column is-layout-flow wp-block-column-is-layout-flow\">\n<figure class=\"wp-block-image size-full is-resized\"><a href=\"https:\/\/appho.tel\/rsMsF\" target=\"_blank\" rel=\" noreferrer noopener\"><img decoding=\"async\" src=\"https:\/\/www.campinglandrezacplage.fr\/wp-content\/themes\/landrezac\/assets\/images\/logos\/ico-appho.png\" alt=\"Camping Landrezac sur Loungeup\" class=\"wp-image-1497\" style=\"object-fit:contain;width:45px;height:45px\"\/><\/a><\/figure>\n<\/div>\n<\/div>\n\n\n\n<p class=\"has-text-align-right is-style-plight has-font-alt-color has-text-color has-link-color has-mm-font-size wp-elements-2feebbdab1a8ca7bc82bf481f6532283 is-style-plight--7\">DON&#8217;T MISS A THING, FOLLOW US ON OUR NETWORKS<\/p>\n\n\n\n<div class=\"wp-block-group is-content-justification-right is-layout-flex wp-container-core-group-is-layout-4222f3e2 wp-block-group-is-layout-flex\">\n<div class=\"wp-block-group has-global-padding is-layout-constrained wp-block-group-is-layout-constrained\">\n<figure class=\"wp-block-image size-full is-resized wp-duotone-white-img\"><img decoding=\"async\" src=\"https:\/\/www.campinglandrezacplage.fr\/wp-content\/themes\/landrezac\/assets\/images\/croixbretagne.svg\" alt=\"Campsite Landrezac\" class=\"wp-image-610\" style=\"object-fit:contain;width:60px;height:60px\"\/><\/figure>\n<\/div>\n\n\n\n<p class=\"has-text-align-right is-style-plight has-font-alt-color has-text-color has-link-color wp-elements-f8112de556942e609915e6d638736fd6 is-style-plight--8\" style=\"font-size:clamp(3.037rem, 3.037rem + ((1vw - 0.2rem) * 4.018), 6rem);line-height:0.7\">LandrezacPlage<\/p>\n<\/div>\n<\/div>\n<\/div>\n<\/div>\n<\/div>\n","protected":false},"excerpt":{"rendered":"<p>Frequently asked questions Do you have any questions about your stayat Camping Landrezac plage? Find all the answers to your questions about our Landrezac Plage campsite in our FAQ.<\/p>\n","protected":false},"author":1,"featured_media":0,"parent":0,"menu_order":0,"comment_status":"closed","ping_status":"closed","template":"","meta":{"_acf_changed":false,"_seopress_robots_primary_cat":"","_seopress_titles_title":"FAQ Camping | Frequently asked questions about your stay in Sarzeau","_seopress_titles_desc":"Find here all the answers to your frequently asked questions to prepare your stay in Southern Brittany at Camping Landrezac Plage in Sarzeau.","_seopress_robots_index":"","footnotes":""},"class_list":["post-5116","page","type-page","status-publish","hentry"],"acf":[],"_links":{"self":[{"href":"https:\/\/www.campinglandrezacplage.fr\/en\/wp-json\/wp\/v2\/pages\/5116","targetHints":{"allow":["GET"]}}],"collection":[{"href":"https:\/\/www.campinglandrezacplage.fr\/en\/wp-json\/wp\/v2\/pages"}],"about":[{"href":"https:\/\/www.campinglandrezacplage.fr\/en\/wp-json\/wp\/v2\/types\/page"}],"author":[{"embeddable":true,"href":"https:\/\/www.campinglandrezacplage.fr\/en\/wp-json\/wp\/v2\/users\/1"}],"replies":[{"embeddable":true,"href":"https:\/\/www.campinglandrezacplage.fr\/en\/wp-json\/wp\/v2\/comments?post=5116"}],"version-history":[{"count":4,"href":"https:\/\/www.campinglandrezacplage.fr\/en\/wp-json\/wp\/v2\/pages\/5116\/revisions"}],"predecessor-version":[{"id":41445,"href":"https:\/\/www.campinglandrezacplage.fr\/en\/wp-json\/wp\/v2\/pages\/5116\/revisions\/41445"}],"wp:attachment":[{"href":"https:\/\/www.campinglandrezacplage.fr\/en\/wp-json\/wp\/v2\/media?parent=5116"}],"curies":[{"name":"wp","href":"https:\/\/api.w.org\/{rel}","templated":true}]}}